{"id":3314,"date":"2024-03-01T13:14:37","date_gmt":"2024-03-01T13:14:37","guid":{"rendered":"https:\/\/act-grupa.hr\/?page_id=3314"},"modified":"2024-10-07T13:25:20","modified_gmt":"2024-10-07T13:25:20","slug":"caring-communities","status":"publish","type":"page","link":"https:\/\/act-grupa.hr\/en\/projekti\/caring-communities\/","title":{"rendered":"Caring Communities"},"content":{"rendered":"<div data-elementor-type=\"wp-page\" data-elementor-id=\"3314\" class=\"elementor elementor-3314\" data-elementor-post-type=\"page\">\n\t\t\t\t\t\t<section class=\"elementor-section elementor-top-section elementor-element elementor-element-5328ba9c elementor-reverse-mobile elementor-section-boxed elementor-section-height-default elementor-section-height-default\" data-id=\"5328ba9c\" data-element_type=\"section\" data-e-type=\"section\" data-settings=\"{&quot;background_background&quot;:&quot;classic&quot;}\">\n\t\t\t\t\t\t\t<div class=\"elementor-background-overlay\"><\/div>\n\t\t\t\t\t\t\t<div class=\"elementor-container elementor-column-gap-default\">\n\t\t\t\t\t<div class=\"elementor-column elementor-col-50 elementor-top-column elementor-element elementor-element-654fb83\" data-id=\"654fb83\" data-element_type=\"column\" data-e-type=\"column\" data-settings=\"{&quot;background_background&quot;:&quot;classic&quot;}\">\n\t\t\t<div class=\"elementor-widget-wrap elementor-element-populated\">\n\t\t\t\t\t\t<div class=\"elementor-element elementor-element-69ad775b elementor-widget elementor-widget-spacer\" data-id=\"69ad775b\" data-element_type=\"widget\" data-e-type=\"widget\" data-widget_type=\"spacer.default\">\n\t\t\t\t<div class=\"elementor-widget-container\">\n\t\t\t\t\t\t\t<div class=\"elementor-spacer\">\n\t\t\t<div class=\"elementor-spacer-inner\"><\/div>\n\t\t<\/div>\n\t\t\t\t\t\t<\/div>\n\t\t\t\t<\/div>\n\t\t\t\t<div class=\"elementor-element elementor-element-15cf7d99 elementor-widget elementor-widget-image\" data-id=\"15cf7d99\" data-element_type=\"widget\" data-e-type=\"widget\" data-widget_type=\"image.default\">\n\t\t\t\t<div class=\"elementor-widget-container\">\n\t\t\t\t\t\t\t\t\t\t\t\t\t\t\t<img fetchpriority=\"high\" decoding=\"async\" width=\"3849\" height=\"1258\" src=\"https:\/\/act-grupa.hr\/web\/wp-content\/uploads\/2024\/03\/Caring-Communities-RGB.png\" class=\"attachment-full size-full wp-image-3315\" alt=\"Caring Communities\" srcset=\"https:\/\/act-grupa.hr\/web\/wp-content\/uploads\/2024\/03\/Caring-Communities-RGB.png 3849w, https:\/\/act-grupa.hr\/web\/wp-content\/uploads\/2024\/03\/Caring-Communities-RGB-300x98.png 300w, https:\/\/act-grupa.hr\/web\/wp-content\/uploads\/2024\/03\/Caring-Communities-RGB-1024x335.png 1024w, https:\/\/act-grupa.hr\/web\/wp-content\/uploads\/2024\/03\/Caring-Communities-RGB-768x251.png 768w, https:\/\/act-grupa.hr\/web\/wp-content\/uploads\/2024\/03\/Caring-Communities-RGB-1536x502.png 1536w, https:\/\/act-grupa.hr\/web\/wp-content\/uploads\/2024\/03\/Caring-Communities-RGB-2048x669.png 2048w, https:\/\/act-grupa.hr\/web\/wp-content\/uploads\/2024\/03\/Caring-Communities-RGB-18x6.png 18w\" sizes=\"(max-width: 3849px) 100vw, 3849px\" \/>\t\t\t\t\t\t\t\t\t\t\t\t\t\t\t<\/div>\n\t\t\t\t<\/div>\n\t\t\t\t<div class=\"elementor-element elementor-element-3c17a17 elementor-widget elementor-widget-image\" data-id=\"3c17a17\" data-element_type=\"widget\" data-e-type=\"widget\" data-widget_type=\"image.default\">\n\t\t\t\t<div class=\"elementor-widget-container\">\n\t\t\t\t\t\t\t\t\t\t\t\t\t\t\t<img decoding=\"async\" width=\"600\" height=\"142\" src=\"https:\/\/act-grupa.hr\/web\/wp-content\/uploads\/2023\/12\/ured-za-udruge-logo.webp\" class=\"attachment-full size-full wp-image-3237\" alt=\"Ured za udruge\" srcset=\"https:\/\/act-grupa.hr\/web\/wp-content\/uploads\/2023\/12\/ured-za-udruge-logo.webp 600w, https:\/\/act-grupa.hr\/web\/wp-content\/uploads\/2023\/12\/ured-za-udruge-logo-300x71.webp 300w, https:\/\/act-grupa.hr\/web\/wp-content\/uploads\/2023\/12\/ured-za-udruge-logo-18x4.webp 18w\" sizes=\"(max-width: 600px) 100vw, 600px\" \/>\t\t\t\t\t\t\t\t\t\t\t\t\t\t\t<\/div>\n\t\t\t\t<\/div>\n\t\t\t\t\t<\/div>\n\t\t<\/div>\n\t\t\t\t<div class=\"elementor-column elementor-col-50 elementor-top-column elementor-element elementor-element-457508fc\" data-id=\"457508fc\" data-element_type=\"column\" data-e-type=\"column\" data-settings=\"{&quot;background_background&quot;:&quot;classic&quot;}\">\n\t\t\t<div class=\"elementor-widget-wrap elementor-element-populated\">\n\t\t\t\t\t\t<div class=\"elementor-element elementor-element-2d989467 elementor-widget elementor-widget-heading\" data-id=\"2d989467\" data-element_type=\"widget\" data-e-type=\"widget\" data-widget_type=\"heading.default\">\n\t\t\t\t<div class=\"elementor-widget-container\">\n\t\t\t\t\t<h2 class=\"elementor-heading-title elementor-size-default\"><div title=\"Page 2\"><div><div><div><p>Caring Communities<span style=\"font-size: var( --e-global-typography-primary-font-size );font-style: inherit\"><\/span><\/p><\/div><\/div><\/div><\/div><\/h2>\t\t\t\t<\/div>\n\t\t\t\t<\/div>\n\t\t\t\t<div class=\"elementor-element elementor-element-786b2f43 elementor-widget elementor-widget-heading\" data-id=\"786b2f43\" data-element_type=\"widget\" data-e-type=\"widget\" data-widget_type=\"heading.default\">\n\t\t\t\t<div class=\"elementor-widget-container\">\n\t\t\t\t\t<h5 class=\"elementor-heading-title elementor-size-default\">Transnacionalni pristupi  za transformativne promjene u sektoru socijalnih usluga u dunavskoj regiji.<\/h5>\t\t\t\t<\/div>\n\t\t\t\t<\/div>\n\t\t\t\t<div class=\"elementor-element elementor-element-6d0068c3 elementor-widget-divider--separator-type-pattern elementor-widget-divider--no-spacing elementor-widget-divider--view-line elementor-widget elementor-widget-divider\" data-id=\"6d0068c3\" data-element_type=\"widget\" data-e-type=\"widget\" data-widget_type=\"divider.default\">\n\t\t\t\t<div class=\"elementor-widget-container\">\n\t\t\t\t\t\t\t<div class=\"elementor-divider\" style=\"--divider-pattern-url: url(&quot;data:image\/svg+xml,%3Csvg xmlns=&#039;http:\/\/www.w3.org\/2000\/svg&#039; preserveAspectRatio=&#039;xMidYMid meet&#039; overflow=&#039;visible&#039; height=&#039;100%&#039; viewBox=&#039;0 0 126 26&#039; fill=&#039;black&#039; stroke=&#039;none&#039;%3E%3Cpath d=&#039;M46.8,7.8v11.5L36,18.6V7.8H46.8z M82.4,7.8L84,18.6l-12,0.7L70.4,7.8H82.4z M0,7.8l12,0.9v9.9H1.3L0,7.8z M30,7.8v10.8H19L18,7.8H30z M63.7,7.8L66,18.6H54V9.5L63.7,7.8z M89.8,7L102,7.8v10.8H91.2L89.8,7zM108,7.8l12,0.9v8.9l-12,1V7.8z&#039;\/%3E%3C\/svg%3E&quot;);\">\n\t\t\t<span class=\"elementor-divider-separator\">\n\t\t\t\t\t\t<\/span>\n\t\t<\/div>\n\t\t\t\t\t\t<\/div>\n\t\t\t\t<\/div>\n\t\t\t\t<div class=\"elementor-element elementor-element-2558a810 elementor-widget elementor-widget-text-editor\" data-id=\"2558a810\" data-element_type=\"widget\" data-e-type=\"widget\" data-widget_type=\"text-editor.default\">\n\t\t\t\t<div class=\"elementor-widget-container\">\n\t\t\t\t\t\t\t\t\t<p><strong>Programme:<br><\/strong><span style=\"font-size: 16px;\">Danube Region Programme&nbsp;<\/span><\/p>\n<p><strong>Sufinancira:<\/strong> <br>Europska unija kroz <span lang=\"EN-GB\">Interreg Danube;&nbsp;<\/span><span style=\"font-size: 1rem;\">Ured za udruge Vlade RH<\/span><\/p>\n<p><strong>Lead partner:<\/strong> <br>Das Diakonische Werk der Evangelischen Landeskirche in Baden e.V.&nbsp;<\/p>\n<p><strong style=\"font-style: inherit;\">Partners:<br><\/strong><span style=\"font-size: 16px;\">University of Heidelberg, <\/span><span style=\"font-size: 16px;\">Gru\u0308nhof e.V. &#8211; Association for societal innovation, <\/span><span style=\"font-size: 16px;\">To\u0308osz &#8211; Hungarian National <\/span><span style=\"font-size: 16px;\">Association of Local Authorities, Municipality of Szamoss\u00e1lyi, Federation of Social NGOs in Bulgaria, Institute of Philosophy and Sociology at the Bulgarian Academy of Sciences, Municipality of Bansko, Caritas Vienna, Federation of Social NOGs in Transylvania, Brasov County, ACT Grupa, Faculty of Law (Zagreb), Network of Organizations for Children of Serbia, Republic Institute for Social Protection, Mozaik Foundation, Association of Municipalities and Cities BiH, Agapedia Moldova.<\/span><\/p>\n<p style=\"font-size: 15px; font-style: normal;\"><strong>Ukupni tro\u0161ak projekta:<\/strong><\/p>\n<p style=\"font-size: 15px; font-style: normal;\">2.941.565,54 \u20ac<\/p>\n<p><strong style=\"font-style: inherit;\">Sufinanciranje Europske unije:<\/strong><\/p>\n<p>2.353.252,41 \u20ac<\/p>\n<p><strong style=\"font-style: inherit;\">Duration:<\/strong><\/p>\n<p>1.1.2024. \u2013 30.6.2026.<\/p>\n<p><strong>Ciljevi projekta:<\/strong><\/p>\n<ul>\n<li>\n<p>Pokretanje transformativnih promjena u socijalnim uslugama.&nbsp;<a href=\"https:\/\/act-grupa.hr\/cc-akcelerator\/\" target=\"_blank\" style=\"font-style: inherit;\">Poveznica na akcelerator u Hrvatskoj<\/a><\/p>\n<\/li>\n<li>\n<p>Ja\u010danje transnacionalnih struktura suradnje u socijalnim uslugama.<\/p>\n<\/li>\n<li>\n<p>Izgradnja empirijski dokazanog okvira za transformativne inovacije u socijalnim uslugama.<\/p>\n<\/li>\n<\/ul>\t\t\t\t\t\t\t\t<\/div>\n\t\t\t\t<\/div>\n\t\t\t\t<div class=\"elementor-element elementor-element-13beeb10 elementor-widget-divider--separator-type-pattern elementor-widget-divider--no-spacing elementor-widget-divider--view-line elementor-widget elementor-widget-divider\" data-id=\"13beeb10\" data-element_type=\"widget\" data-e-type=\"widget\" data-widget_type=\"divider.default\">\n\t\t\t\t<div class=\"elementor-widget-container\">\n\t\t\t\t\t\t\t<div class=\"elementor-divider\" style=\"--divider-pattern-url: url(&quot;data:image\/svg+xml,%3Csvg xmlns=&#039;http:\/\/www.w3.org\/2000\/svg&#039; preserveAspectRatio=&#039;xMidYMid meet&#039; overflow=&#039;visible&#039; height=&#039;100%&#039; viewBox=&#039;0 0 126 26&#039; fill=&#039;black&#039; stroke=&#039;none&#039;%3E%3Cpath d=&#039;M46.8,7.8v11.5L36,18.6V7.8H46.8z M82.4,7.8L84,18.6l-12,0.7L70.4,7.8H82.4z M0,7.8l12,0.9v9.9H1.3L0,7.8z M30,7.8v10.8H19L18,7.8H30z M63.7,7.8L66,18.6H54V9.5L63.7,7.8z M89.8,7L102,7.8v10.8H91.2L89.8,7zM108,7.8l12,0.9v8.9l-12,1V7.8z&#039;\/%3E%3C\/svg%3E&quot;);\">\n\t\t\t<span class=\"elementor-divider-separator\">\n\t\t\t\t\t\t<\/span>\n\t\t<\/div>\n\t\t\t\t\t\t<\/div>\n\t\t\t\t<\/div>\n\t\t\t\t\t<\/div>\n\t\t<\/div>\n\t\t\t\t\t<\/div>\n\t\t<\/section>\n\t\t\t\t<\/div>","protected":false},"excerpt":{"rendered":"<p>Caring Communities Transnacionalni pristupi za transformativne promjene u sektoru socijalnih usluga u dunavskoj regiji. Program:Danube Region Programme&nbsp; Sufinancira: Europska unija kroz Interreg Danube;&nbsp;Ured za udruge Vlade RH Vode\u0107i partner: Das Diakonische Werk der Evangelischen Landeskirche in Baden e.V.&nbsp; Partneri:University of Heidelberg, Gru\u0308nhof e.V. &#8211; Association for societal innovation, To\u0308osz &#8211; Hungarian National Association of Local [&hellip;]<\/p>\n","protected":false},"author":1,"featured_media":3315,"parent":157,"menu_order":0,"comment_status":"closed","ping_status":"closed","template":"","meta":{"site-sidebar-layout":"no-sidebar","site-content-layout":"page-builder","ast-site-content-layout":"full-width-container","site-content-style":"default","site-sidebar-style":"default","ast-global-header-display":"","ast-banner-title-visibility":"","ast-main-header-display":"","ast-hfb-above-header-display":"","ast-hfb-below-header-display":"","ast-hfb-mobile-header-display":"","site-post-title":"disabled","ast-breadcrumbs-content":"","ast-featured-img":"disabled","footer-sml-layout":"","ast-disable-related-posts":"","theme-transparent-header-meta":"","adv-header-id-meta":"","stick-header-meta":"","header-above-stick-meta":"","header-main-stick-meta":"","header-below-stick-meta":"","astra-migrate-meta-layouts":"set","ast-page-background-enabled":"default","ast-page-background-meta":{"desktop":{"background-color":"","background-image":"","background-repeat":"repeat","background-position":"center center","background-size":"auto","background-attachment":"scroll","background-type":"","background-media":"","overlay-type":"","overlay-color":"","overlay-opacity":"","overlay-gradient":""},"tablet":{"background-color":"","background-image":"","background-repeat":"repeat","background-position":"center center","background-size":"auto","background-attachment":"scroll","background-type":"","background-media":"","overlay-type":"","overlay-color":"","overlay-opacity":"","overlay-gradient":""},"mobile":{"background-color":"","background-image":"","background-repeat":"repeat","background-position":"center center","background-size":"auto","background-attachment":"scroll","background-type":"","background-media":"","overlay-type":"","overlay-color":"","overlay-opacity":"","overlay-gradient":""}},"ast-content-background-meta":{"desktop":{"background-color":"var(--ast-global-color-5)","background-image":"","background-repeat":"repeat","background-position":"center center","background-size":"auto","background-attachment":"scroll","background-type":"","background-media":"","overlay-type":"","overlay-color":"","overlay-opacity":"","overlay-gradient":""},"tablet":{"background-color":"var(--ast-global-color-5)","background-image":"","background-repeat":"repeat","background-position":"center center","background-size":"auto","background-attachment":"scroll","background-type":"","background-media":"","overlay-type":"","overlay-color":"","overlay-opacity":"","overlay-gradient":""},"mobile":{"background-color":"var(--ast-global-color-5)","background-image":"","background-repeat":"repeat","background-position":"center center","background-size":"auto","background-attachment":"scroll","background-type":"","background-media":"","overlay-type":"","overlay-color":"","overlay-opacity":"","overlay-gradient":""}},"footnotes":""},"class_list":["post-3314","page","type-page","status-publish","has-post-thumbnail","hentry"],"yoast_head":"<!-- This site is optimized with the Yoast SEO plugin v27.4 - https:\/\/yoast.com\/product\/yoast-seo-wordpress\/ -->\n<title>Caring Communities - ACT Grupa<\/title>\n<meta name=\"description\" content=\"Podr\u0161ka dru\u0161tvenim inovacijama za pobolj\u0161anje inkluzije osoba s invaliditetom i rada organizacija za pru\u017eanje socijalnih usluga.\" \/>\n<meta name=\"robots\" content=\"index, follow, max-snippet:-1, max-image-preview:large, max-video-preview:-1\" \/>\n<link rel=\"canonical\" href=\"https:\/\/act-grupa.hr\/en\/projekti\/caring-communities\/\" \/>\n<meta property=\"og:locale\" content=\"en_GB\" \/>\n<meta property=\"og:type\" content=\"article\" \/>\n<meta property=\"og:title\" content=\"Caring Communities - ACT Grupa\" \/>\n<meta property=\"og:description\" content=\"Podr\u0161ka dru\u0161tvenim inovacijama za pobolj\u0161anje inkluzije osoba s invaliditetom i rada organizacija za pru\u017eanje socijalnih usluga.\" \/>\n<meta property=\"og:url\" content=\"https:\/\/act-grupa.hr\/en\/projekti\/caring-communities\/\" \/>\n<meta property=\"og:site_name\" content=\"ACT Grupa\" \/>\n<meta property=\"article:publisher\" content=\"https:\/\/www.facebook.com\/ACTGrupa\" \/>\n<meta property=\"article:modified_time\" content=\"2024-10-07T13:25:20+00:00\" \/>\n<meta property=\"og:image\" content=\"https:\/\/act-grupa.hr\/web\/wp-content\/uploads\/2024\/03\/Caring-Communities-RGB-FB.png\" \/>\n\t<meta property=\"og:image:width\" content=\"1200\" \/>\n\t<meta property=\"og:image:height\" content=\"630\" \/>\n\t<meta property=\"og:image:type\" content=\"image\/png\" \/>\n<meta name=\"twitter:card\" content=\"summary_large_image\" \/>\n<meta name=\"twitter:label1\" content=\"Estimated reading time\" \/>\n\t<meta name=\"twitter:data1\" content=\"1 minute\" \/>\n<script type=\"application\/ld+json\" class=\"yoast-schema-graph\">{\"@context\":\"https:\\\/\\\/schema.org\",\"@graph\":[{\"@type\":\"WebPage\",\"@id\":\"https:\\\/\\\/act-grupa.hr\\\/projekti\\\/caring-communities\\\/\",\"url\":\"https:\\\/\\\/act-grupa.hr\\\/projekti\\\/caring-communities\\\/\",\"name\":\"Caring Communities - ACT Grupa\",\"isPartOf\":{\"@id\":\"https:\\\/\\\/act-grupa.hr\\\/#website\"},\"primaryImageOfPage\":{\"@id\":\"https:\\\/\\\/act-grupa.hr\\\/projekti\\\/caring-communities\\\/#primaryimage\"},\"image\":{\"@id\":\"https:\\\/\\\/act-grupa.hr\\\/projekti\\\/caring-communities\\\/#primaryimage\"},\"thumbnailUrl\":\"https:\\\/\\\/act-grupa.hr\\\/web\\\/wp-content\\\/uploads\\\/2024\\\/03\\\/Caring-Communities-RGB.png\",\"datePublished\":\"2024-03-01T13:14:37+00:00\",\"dateModified\":\"2024-10-07T13:25:20+00:00\",\"description\":\"Podr\u0161ka dru\u0161tvenim inovacijama za pobolj\u0161anje inkluzije osoba s invaliditetom i rada organizacija za pru\u017eanje socijalnih usluga.\",\"breadcrumb\":{\"@id\":\"https:\\\/\\\/act-grupa.hr\\\/projekti\\\/caring-communities\\\/#breadcrumb\"},\"inLanguage\":\"en-GB\",\"potentialAction\":[{\"@type\":\"ReadAction\",\"target\":[\"https:\\\/\\\/act-grupa.hr\\\/projekti\\\/caring-communities\\\/\"]}]},{\"@type\":\"ImageObject\",\"inLanguage\":\"en-GB\",\"@id\":\"https:\\\/\\\/act-grupa.hr\\\/projekti\\\/caring-communities\\\/#primaryimage\",\"url\":\"https:\\\/\\\/act-grupa.hr\\\/web\\\/wp-content\\\/uploads\\\/2024\\\/03\\\/Caring-Communities-RGB.png\",\"contentUrl\":\"https:\\\/\\\/act-grupa.hr\\\/web\\\/wp-content\\\/uploads\\\/2024\\\/03\\\/Caring-Communities-RGB.png\",\"width\":3849,\"height\":1258,\"caption\":\"Caring Communities\"},{\"@type\":\"BreadcrumbList\",\"@id\":\"https:\\\/\\\/act-grupa.hr\\\/projekti\\\/caring-communities\\\/#breadcrumb\",\"itemListElement\":[{\"@type\":\"ListItem\",\"position\":1,\"name\":\"Home\",\"item\":\"https:\\\/\\\/act-grupa.hr\\\/\"},{\"@type\":\"ListItem\",\"position\":2,\"name\":\"Projekti\",\"item\":\"https:\\\/\\\/act-grupa.hr\\\/en\\\/projekti\\\/\"},{\"@type\":\"ListItem\",\"position\":3,\"name\":\"Caring Communities\"}]},{\"@type\":\"WebSite\",\"@id\":\"https:\\\/\\\/act-grupa.hr\\\/#website\",\"url\":\"https:\\\/\\\/act-grupa.hr\\\/\",\"name\":\"ACT Grupa\",\"description\":\"Dobri za posao. Dobri za dru\u0161tvo.\",\"publisher\":{\"@id\":\"https:\\\/\\\/act-grupa.hr\\\/#organization\"},\"potentialAction\":[{\"@type\":\"SearchAction\",\"target\":{\"@type\":\"EntryPoint\",\"urlTemplate\":\"https:\\\/\\\/act-grupa.hr\\\/?s={search_term_string}\"},\"query-input\":{\"@type\":\"PropertyValueSpecification\",\"valueRequired\":true,\"valueName\":\"search_term_string\"}}],\"inLanguage\":\"en-GB\"},{\"@type\":\"Organization\",\"@id\":\"https:\\\/\\\/act-grupa.hr\\\/#organization\",\"name\":\"ACT Grupa\",\"url\":\"https:\\\/\\\/act-grupa.hr\\\/\",\"logo\":{\"@type\":\"ImageObject\",\"inLanguage\":\"en-GB\",\"@id\":\"https:\\\/\\\/act-grupa.hr\\\/#\\\/schema\\\/logo\\\/image\\\/\",\"url\":\"https:\\\/\\\/act-grupa.hr\\\/web\\\/wp-content\\\/uploads\\\/2026\\\/01\\\/AG_logo_transparent-scaled.png\",\"contentUrl\":\"https:\\\/\\\/act-grupa.hr\\\/web\\\/wp-content\\\/uploads\\\/2026\\\/01\\\/AG_logo_transparent-scaled.png\",\"width\":2560,\"height\":834,\"caption\":\"ACT Grupa\"},\"image\":{\"@id\":\"https:\\\/\\\/act-grupa.hr\\\/#\\\/schema\\\/logo\\\/image\\\/\"},\"sameAs\":[\"https:\\\/\\\/www.facebook.com\\\/ACTGrupa\",\"https:\\\/\\\/www.instagram.com\\\/actgrupa\\\/\",\"https:\\\/\\\/www.youtube.com\\\/@actgrupa\",\"https:\\\/\\\/www.linkedin.com\\\/company\\\/act-grupa\"]}]}<\/script>\n<!-- \/ Yoast SEO plugin. -->","yoast_head_json":{"title":"Caring Communities - ACT Grupa","description":"Podr\u0161ka dru\u0161tvenim inovacijama za pobolj\u0161anje inkluzije osoba s invaliditetom i rada organizacija za pru\u017eanje socijalnih usluga.","robots":{"index":"index","follow":"follow","max-snippet":"max-snippet:-1","max-image-preview":"max-image-preview:large","max-video-preview":"max-video-preview:-1"},"canonical":"https:\/\/act-grupa.hr\/en\/projekti\/caring-communities\/","og_locale":"en_GB","og_type":"article","og_title":"Caring Communities - ACT Grupa","og_description":"Podr\u0161ka dru\u0161tvenim inovacijama za pobolj\u0161anje inkluzije osoba s invaliditetom i rada organizacija za pru\u017eanje socijalnih usluga.","og_url":"https:\/\/act-grupa.hr\/en\/projekti\/caring-communities\/","og_site_name":"ACT Grupa","article_publisher":"https:\/\/www.facebook.com\/ACTGrupa","article_modified_time":"2024-10-07T13:25:20+00:00","og_image":[{"width":1200,"height":630,"url":"https:\/\/act-grupa.hr\/web\/wp-content\/uploads\/2024\/03\/Caring-Communities-RGB-FB.png","type":"image\/png"}],"twitter_card":"summary_large_image","twitter_misc":{"Estimated reading time":"1 minute"},"schema":{"@context":"https:\/\/schema.org","@graph":[{"@type":"WebPage","@id":"https:\/\/act-grupa.hr\/projekti\/caring-communities\/","url":"https:\/\/act-grupa.hr\/projekti\/caring-communities\/","name":"Caring Communities - ACT Grupa","isPartOf":{"@id":"https:\/\/act-grupa.hr\/#website"},"primaryImageOfPage":{"@id":"https:\/\/act-grupa.hr\/projekti\/caring-communities\/#primaryimage"},"image":{"@id":"https:\/\/act-grupa.hr\/projekti\/caring-communities\/#primaryimage"},"thumbnailUrl":"https:\/\/act-grupa.hr\/web\/wp-content\/uploads\/2024\/03\/Caring-Communities-RGB.png","datePublished":"2024-03-01T13:14:37+00:00","dateModified":"2024-10-07T13:25:20+00:00","description":"Podr\u0161ka dru\u0161tvenim inovacijama za pobolj\u0161anje inkluzije osoba s invaliditetom i rada organizacija za pru\u017eanje socijalnih usluga.","breadcrumb":{"@id":"https:\/\/act-grupa.hr\/projekti\/caring-communities\/#breadcrumb"},"inLanguage":"en-GB","potentialAction":[{"@type":"ReadAction","target":["https:\/\/act-grupa.hr\/projekti\/caring-communities\/"]}]},{"@type":"ImageObject","inLanguage":"en-GB","@id":"https:\/\/act-grupa.hr\/projekti\/caring-communities\/#primaryimage","url":"https:\/\/act-grupa.hr\/web\/wp-content\/uploads\/2024\/03\/Caring-Communities-RGB.png","contentUrl":"https:\/\/act-grupa.hr\/web\/wp-content\/uploads\/2024\/03\/Caring-Communities-RGB.png","width":3849,"height":1258,"caption":"Caring Communities"},{"@type":"BreadcrumbList","@id":"https:\/\/act-grupa.hr\/projekti\/caring-communities\/#breadcrumb","itemListElement":[{"@type":"ListItem","position":1,"name":"Home","item":"https:\/\/act-grupa.hr\/"},{"@type":"ListItem","position":2,"name":"Projekti","item":"https:\/\/act-grupa.hr\/en\/projekti\/"},{"@type":"ListItem","position":3,"name":"Caring Communities"}]},{"@type":"WebSite","@id":"https:\/\/act-grupa.hr\/#website","url":"https:\/\/act-grupa.hr\/","name":"ACT Grupa","description":"Dobri za posao. Dobri za dru\u0161tvo.","publisher":{"@id":"https:\/\/act-grupa.hr\/#organization"},"potentialAction":[{"@type":"SearchAction","target":{"@type":"EntryPoint","urlTemplate":"https:\/\/act-grupa.hr\/?s={search_term_string}"},"query-input":{"@type":"PropertyValueSpecification","valueRequired":true,"valueName":"search_term_string"}}],"inLanguage":"en-GB"},{"@type":"Organization","@id":"https:\/\/act-grupa.hr\/#organization","name":"ACT Grupa","url":"https:\/\/act-grupa.hr\/","logo":{"@type":"ImageObject","inLanguage":"en-GB","@id":"https:\/\/act-grupa.hr\/#\/schema\/logo\/image\/","url":"https:\/\/act-grupa.hr\/web\/wp-content\/uploads\/2026\/01\/AG_logo_transparent-scaled.png","contentUrl":"https:\/\/act-grupa.hr\/web\/wp-content\/uploads\/2026\/01\/AG_logo_transparent-scaled.png","width":2560,"height":834,"caption":"ACT Grupa"},"image":{"@id":"https:\/\/act-grupa.hr\/#\/schema\/logo\/image\/"},"sameAs":["https:\/\/www.facebook.com\/ACTGrupa","https:\/\/www.instagram.com\/actgrupa\/","https:\/\/www.youtube.com\/@actgrupa","https:\/\/www.linkedin.com\/company\/act-grupa"]}]}},"_links":{"self":[{"href":"https:\/\/act-grupa.hr\/en\/wp-json\/wp\/v2\/pages\/3314","targetHints":{"allow":["GET"]}}],"collection":[{"href":"https:\/\/act-grupa.hr\/en\/wp-json\/wp\/v2\/pages"}],"about":[{"href":"https:\/\/act-grupa.hr\/en\/wp-json\/wp\/v2\/types\/page"}],"author":[{"embeddable":true,"href":"https:\/\/act-grupa.hr\/en\/wp-json\/wp\/v2\/users\/1"}],"replies":[{"embeddable":true,"href":"https:\/\/act-grupa.hr\/en\/wp-json\/wp\/v2\/comments?post=3314"}],"version-history":[{"count":20,"href":"https:\/\/act-grupa.hr\/en\/wp-json\/wp\/v2\/pages\/3314\/revisions"}],"predecessor-version":[{"id":3680,"href":"https:\/\/act-grupa.hr\/en\/wp-json\/wp\/v2\/pages\/3314\/revisions\/3680"}],"up":[{"embeddable":true,"href":"https:\/\/act-grupa.hr\/en\/wp-json\/wp\/v2\/pages\/157"}],"wp:featuredmedia":[{"embeddable":true,"href":"https:\/\/act-grupa.hr\/en\/wp-json\/wp\/v2\/media\/3315"}],"wp:attachment":[{"href":"https:\/\/act-grupa.hr\/en\/wp-json\/wp\/v2\/media?parent=3314"}],"curies":[{"name":"wp","href":"https:\/\/api.w.org\/{rel}","templated":true}]}}