{"id":3960,"date":"2025-10-24T08:43:18","date_gmt":"2025-10-24T08:43:18","guid":{"rendered":"https:\/\/act-grupa.hr\/?page_id=3960"},"modified":"2025-10-24T09:16:57","modified_gmt":"2025-10-24T09:16:57","slug":"supported-employment-for-reducing-long-term-unemployment-among-persons-with-disabilities-support","status":"publish","type":"page","link":"https:\/\/act-grupa.hr\/en\/projekti\/supported-employment-for-reducing-long-term-unemployment-among-persons-with-disabilities-support\/","title":{"rendered":"SUPPORT"},"content":{"rendered":"<div data-elementor-type=\"wp-page\" data-elementor-id=\"3960\" class=\"elementor elementor-3960\" data-elementor-post-type=\"page\">\n\t\t\t\t\t\t<section class=\"elementor-section elementor-top-section elementor-element elementor-element-5535b18a elementor-reverse-mobile elementor-section-boxed elementor-section-height-default elementor-section-height-default\" data-id=\"5535b18a\" data-element_type=\"section\" data-e-type=\"section\" data-settings=\"{&quot;background_background&quot;:&quot;classic&quot;}\">\n\t\t\t\t\t\t\t<div class=\"elementor-background-overlay\"><\/div>\n\t\t\t\t\t\t\t<div class=\"elementor-container elementor-column-gap-default\">\n\t\t\t\t\t<div class=\"elementor-column elementor-col-50 elementor-top-column elementor-element elementor-element-40a6b627\" data-id=\"40a6b627\" data-element_type=\"column\" data-e-type=\"column\" data-settings=\"{&quot;background_background&quot;:&quot;classic&quot;}\">\n\t\t\t<div class=\"elementor-widget-wrap elementor-element-populated\">\n\t\t\t\t\t\t<div class=\"elementor-element elementor-element-8e71636 elementor-widget elementor-widget-spacer\" data-id=\"8e71636\" data-element_type=\"widget\" data-e-type=\"widget\" data-widget_type=\"spacer.default\">\n\t\t\t\t<div class=\"elementor-widget-container\">\n\t\t\t\t\t\t\t<div class=\"elementor-spacer\">\n\t\t\t<div class=\"elementor-spacer-inner\"><\/div>\n\t\t<\/div>\n\t\t\t\t\t\t<\/div>\n\t\t\t\t<\/div>\n\t\t\t\t<div class=\"elementor-element elementor-element-16df61b4 elementor-widget elementor-widget-image\" data-id=\"16df61b4\" data-element_type=\"widget\" data-e-type=\"widget\" data-widget_type=\"image.default\">\n\t\t\t\t<div class=\"elementor-widget-container\">\n\t\t\t\t\t\t\t\t\t\t\t\t\t\t\t<img fetchpriority=\"high\" decoding=\"async\" width=\"800\" height=\"308\" src=\"https:\/\/act-grupa.hr\/web\/wp-content\/uploads\/2025\/10\/SUPPORT-logo_transparent-background.png\" class=\"attachment-full size-full wp-image-3962\" alt=\"Supported Employment for Reducing Long-Term Unemployment among Persons with Disabilities (SUPPORT)\" srcset=\"https:\/\/act-grupa.hr\/web\/wp-content\/uploads\/2025\/10\/SUPPORT-logo_transparent-background.png 800w, https:\/\/act-grupa.hr\/web\/wp-content\/uploads\/2025\/10\/SUPPORT-logo_transparent-background-300x116.png 300w, https:\/\/act-grupa.hr\/web\/wp-content\/uploads\/2025\/10\/SUPPORT-logo_transparent-background-768x296.png 768w, https:\/\/act-grupa.hr\/web\/wp-content\/uploads\/2025\/10\/SUPPORT-logo_transparent-background-18x7.png 18w\" sizes=\"(max-width: 800px) 100vw, 800px\" \/>\t\t\t\t\t\t\t\t\t\t\t\t\t\t\t<\/div>\n\t\t\t\t<\/div>\n\t\t\t\t<div class=\"elementor-element elementor-element-92ebf51 elementor-widget elementor-widget-image\" data-id=\"92ebf51\" data-element_type=\"widget\" data-e-type=\"widget\" data-widget_type=\"image.default\">\n\t\t\t\t<div class=\"elementor-widget-container\">\n\t\t\t\t\t\t\t\t\t\t\t\t\t\t\t<img decoding=\"async\" width=\"2560\" height=\"571\" src=\"https:\/\/act-grupa.hr\/web\/wp-content\/uploads\/2025\/10\/EN_Co-fundedbytheEU_RGB_POS-scaled.png\" class=\"attachment-full size-full wp-image-3154\" alt=\"Eu sufinanciranje\" srcset=\"https:\/\/act-grupa.hr\/web\/wp-content\/uploads\/2025\/10\/EN_Co-fundedbytheEU_RGB_POS-scaled.png 2560w, https:\/\/act-grupa.hr\/web\/wp-content\/uploads\/2025\/10\/EN_Co-fundedbytheEU_RGB_POS-300x67.png 300w, https:\/\/act-grupa.hr\/web\/wp-content\/uploads\/2025\/10\/EN_Co-fundedbytheEU_RGB_POS-1024x228.png 1024w, https:\/\/act-grupa.hr\/web\/wp-content\/uploads\/2025\/10\/EN_Co-fundedbytheEU_RGB_POS-768x171.png 768w, https:\/\/act-grupa.hr\/web\/wp-content\/uploads\/2025\/10\/EN_Co-fundedbytheEU_RGB_POS-1536x343.png 1536w, https:\/\/act-grupa.hr\/web\/wp-content\/uploads\/2025\/10\/EN_Co-fundedbytheEU_RGB_POS-2048x457.png 2048w, https:\/\/act-grupa.hr\/web\/wp-content\/uploads\/2025\/10\/EN_Co-fundedbytheEU_RGB_POS-18x4.png 18w\" sizes=\"(max-width: 2560px) 100vw, 2560px\" \/>\t\t\t\t\t\t\t\t\t\t\t\t\t\t\t<\/div>\n\t\t\t\t<\/div>\n\t\t\t\t<div class=\"elementor-element elementor-element-4b7ecb9 elementor-widget elementor-widget-image\" data-id=\"4b7ecb9\" data-element_type=\"widget\" data-e-type=\"widget\" data-widget_type=\"image.default\">\n\t\t\t\t<div class=\"elementor-widget-container\">\n\t\t\t\t\t\t\t\t\t\t\t\t\t\t\t<img decoding=\"async\" width=\"1502\" height=\"654\" src=\"https:\/\/act-grupa.hr\/web\/wp-content\/uploads\/2025\/06\/SI-initiative.png\" class=\"attachment-full size-full wp-image-3829\" alt=\"Social Innovation + Initiative\" srcset=\"https:\/\/act-grupa.hr\/web\/wp-content\/uploads\/2025\/06\/SI-initiative.png 1502w, https:\/\/act-grupa.hr\/web\/wp-content\/uploads\/2025\/06\/SI-initiative-300x131.png 300w, https:\/\/act-grupa.hr\/web\/wp-content\/uploads\/2025\/06\/SI-initiative-1024x446.png 1024w, https:\/\/act-grupa.hr\/web\/wp-content\/uploads\/2025\/06\/SI-initiative-768x334.png 768w, https:\/\/act-grupa.hr\/web\/wp-content\/uploads\/2025\/06\/SI-initiative-18x8.png 18w\" sizes=\"(max-width: 1502px) 100vw, 1502px\" \/>\t\t\t\t\t\t\t\t\t\t\t\t\t\t\t<\/div>\n\t\t\t\t<\/div>\n\t\t\t\t\t<\/div>\n\t\t<\/div>\n\t\t\t\t<div class=\"elementor-column elementor-col-50 elementor-top-column elementor-element elementor-element-1f6d860e\" data-id=\"1f6d860e\" data-element_type=\"column\" data-e-type=\"column\" data-settings=\"{&quot;background_background&quot;:&quot;classic&quot;}\">\n\t\t\t<div class=\"elementor-widget-wrap elementor-element-populated\">\n\t\t\t\t\t\t<div class=\"elementor-element elementor-element-1e3d4efb elementor-widget elementor-widget-heading\" data-id=\"1e3d4efb\" data-element_type=\"widget\" data-e-type=\"widget\" data-widget_type=\"heading.default\">\n\t\t\t\t<div class=\"elementor-widget-container\">\n\t\t\t\t\t<h2 class=\"elementor-heading-title elementor-size-default\">Supported Employment for Reducing Long-Term Unemployment among Persons with Disabilities (SUPPORT)<\/h2>\t\t\t\t<\/div>\n\t\t\t\t<\/div>\n\t\t\t\t<div class=\"elementor-element elementor-element-2ab5f6a2 elementor-widget elementor-widget-heading\" data-id=\"2ab5f6a2\" data-element_type=\"widget\" data-e-type=\"widget\" data-widget_type=\"heading.default\">\n\t\t\t\t<div class=\"elementor-widget-container\">\n\t\t\t\t\t<h5 class=\"elementor-heading-title elementor-size-default\"><p style=\"margin: 0cm 0cm 8pt;line-height: 15.693334px;font-size: 11pt;font-family: Aptos, sans-serif;font-style: normal;white-space: normal\"><span lang=\"HR\">The project aims to tackle the persistent issue of long-term unemployment among persons with disabilities in the open labour market. The project will scale up and transfer socially innovative Supported Employment practices across various EU regions, addressing the significant employment barriers persons with disabilities face through immediate job placement and ongoing support.<\/span><span style=\"font-family: Roboto, sans-serif;font-size: 16px;font-style: inherit;white-space: pre-wrap\"><\/span><\/p><\/h5>\t\t\t\t<\/div>\n\t\t\t\t<\/div>\n\t\t\t\t<div class=\"elementor-element elementor-element-67704b8c elementor-widget-divider--separator-type-pattern elementor-widget-divider--no-spacing elementor-widget-divider--view-line elementor-widget elementor-widget-divider\" data-id=\"67704b8c\" data-element_type=\"widget\" data-e-type=\"widget\" data-widget_type=\"divider.default\">\n\t\t\t\t<div class=\"elementor-widget-container\">\n\t\t\t\t\t\t\t<div class=\"elementor-divider\" style=\"--divider-pattern-url: url(&quot;data:image\/svg+xml,%3Csvg xmlns=&#039;http:\/\/www.w3.org\/2000\/svg&#039; preserveAspectRatio=&#039;xMidYMid meet&#039; overflow=&#039;visible&#039; height=&#039;100%&#039; viewBox=&#039;0 0 126 26&#039; fill=&#039;black&#039; stroke=&#039;none&#039;%3E%3Cpath d=&#039;M46.8,7.8v11.5L36,18.6V7.8H46.8z M82.4,7.8L84,18.6l-12,0.7L70.4,7.8H82.4z M0,7.8l12,0.9v9.9H1.3L0,7.8z M30,7.8v10.8H19L18,7.8H30z M63.7,7.8L66,18.6H54V9.5L63.7,7.8z M89.8,7L102,7.8v10.8H91.2L89.8,7zM108,7.8l12,0.9v8.9l-12,1V7.8z&#039;\/%3E%3C\/svg%3E&quot;);\">\n\t\t\t<span class=\"elementor-divider-separator\">\n\t\t\t\t\t\t<\/span>\n\t\t<\/div>\n\t\t\t\t\t\t<\/div>\n\t\t\t\t<\/div>\n\t\t\t\t<div class=\"elementor-element elementor-element-49b38595 elementor-widget elementor-widget-text-editor\" data-id=\"49b38595\" data-element_type=\"widget\" data-e-type=\"widget\" data-widget_type=\"text-editor.default\">\n\t\t\t\t<div class=\"elementor-widget-container\">\n\t\t\t\t\t\t\t\t\t<p><strong>Programme:<\/strong> <br \/><span lang=\"EN-US\">ESF+ Social Innovation+ Initiative<\/span><\/p><p><strong>Co-financed by:<\/strong> <br \/>Europska unija i European Social Fund Agency<\/p><p><strong>Lead partner:<\/strong> <br \/>European Association of Service Providers for Persons with Disabilities (EASPD)<\/p><p><strong style=\"font-style: inherit;\">Partners:<\/strong><\/p><p>Association for Supported Employment Europe (ASEE); European Platform for Rehabilitation (EPR); Out of The Box International (OTB); Association Europeenne pour la Democratie Locale (ALDA); Zero Project (ZP); Fundaci\u00f3n Intermedia (Intermedia); Gespecialiseerd Team Bemiddeling (GTB); Synkroon; Alaturi de Voi Romania Foundation (ADV Romania); Associazione Italiana Per L\u2019Assistenza Agli Spastici Provincia Di Bologna (AIAS Bologna); Ergastiri Eidikis Agogis \u201cMARGARITA\u201d (MARGARITA); Zentrum f\u00fcr Sozialwirtschaft GmbH (ZfSW); ACT Grupa; Spanish Supported Employment Association (AESE); FunkWeb Kompetanse (FUNKWEB)<\/p><p><strong style=\"font-style: inherit;\">Total budget:<\/strong><\/p><p>\u20ac2,560,045.00<\/p><p><strong>Duration:<\/strong> <br \/>June 2025 - May 2028<\/p><p><strong>Outcomes:<\/strong><\/p><ul><li data-start=\"0\" data-end=\"57\"><ul><li data-start=\"0\" data-end=\"75\"><p data-start=\"3\" data-end=\"75\">Increased employment of persons with disabilities by 5\u201310% in pilot regions.<\/p><\/li><li data-start=\"76\" data-end=\"160\"><p data-start=\"79\" data-end=\"160\">Integration of the Supported Employment model into at least three national policies.<\/p><\/li><li data-start=\"161\" data-end=\"250\"><p data-start=\"164\" data-end=\"250\">160 employers, 160 employment agencies, and 120 service providers trained.<\/p><\/li><li data-start=\"251\" data-end=\"347\"><p data-start=\"254\" data-end=\"347\">300 individual employment plans developed and sustainable Supported Employment services established.<\/p><\/li><li data-start=\"348\" data-end=\"426\" data-is-last-node=\"\"><p data-start=\"351\" data-end=\"426\" data-is-last-node=\"\">Reduced reliance of persons with disabilities on social benefits by around 10%.<\/p><\/li><\/ul><\/li><\/ul>\t\t\t\t\t\t\t\t<\/div>\n\t\t\t\t<\/div>\n\t\t\t\t<div class=\"elementor-element elementor-element-796f1a35 elementor-widget-divider--separator-type-pattern elementor-widget-divider--no-spacing elementor-widget-divider--view-line elementor-widget elementor-widget-divider\" data-id=\"796f1a35\" data-element_type=\"widget\" data-e-type=\"widget\" data-widget_type=\"divider.default\">\n\t\t\t\t<div class=\"elementor-widget-container\">\n\t\t\t\t\t\t\t<div class=\"elementor-divider\" style=\"--divider-pattern-url: url(&quot;data:image\/svg+xml,%3Csvg xmlns=&#039;http:\/\/www.w3.org\/2000\/svg&#039; preserveAspectRatio=&#039;xMidYMid meet&#039; overflow=&#039;visible&#039; height=&#039;100%&#039; viewBox=&#039;0 0 126 26&#039; fill=&#039;black&#039; stroke=&#039;none&#039;%3E%3Cpath d=&#039;M46.8,7.8v11.5L36,18.6V7.8H46.8z M82.4,7.8L84,18.6l-12,0.7L70.4,7.8H82.4z M0,7.8l12,0.9v9.9H1.3L0,7.8z M30,7.8v10.8H19L18,7.8H30z M63.7,7.8L66,18.6H54V9.5L63.7,7.8z M89.8,7L102,7.8v10.8H91.2L89.8,7zM108,7.8l12,0.9v8.9l-12,1V7.8z&#039;\/%3E%3C\/svg%3E&quot;);\">\n\t\t\t<span class=\"elementor-divider-separator\">\n\t\t\t\t\t\t<\/span>\n\t\t<\/div>\n\t\t\t\t\t\t<\/div>\n\t\t\t\t<\/div>\n\t\t\t\t\t<\/div>\n\t\t<\/div>\n\t\t\t\t\t<\/div>\n\t\t<\/section>\n\t\t\t\t<\/div>","protected":false},"excerpt":{"rendered":"<p>Supported Employment for Reducing Long-Term Unemployment among Persons with Disabilities (SUPPORT) Projekt ima za cilj rje\u0161avanje dugotrajnog problema nezaposlenosti osoba s invaliditetom na otvorenom tr\u017ei\u0161tu rada. Projekt \u0107e pro\u0161iriti i prenijeti dru\u0161tveno inovativne prakse podr\u017eanog zapo\u0161ljavanja u razli\u010ditim regijama EU-a, bave\u0107i se zna\u010dajnim preprekama s kojima se osobe s invaliditetom suo\u010davaju pri zapo\u0161ljavanju, kroz neposredno [&hellip;]<\/p>\n","protected":false},"author":1,"featured_media":3962,"parent":157,"menu_order":0,"comment_status":"closed","ping_status":"closed","template":"","meta":{"site-sidebar-layout":"no-sidebar","site-content-layout":"page-builder","ast-site-content-layout":"full-width-container","site-content-style":"default","site-sidebar-style":"default","ast-global-header-display":"","ast-banner-title-visibility":"","ast-main-header-display":"","ast-hfb-above-header-display":"","ast-hfb-below-header-display":"","ast-hfb-mobile-header-display":"","site-post-title":"disabled","ast-breadcrumbs-content":"","ast-featured-img":"disabled","footer-sml-layout":"","ast-disable-related-posts":"","theme-transparent-header-meta":"","adv-header-id-meta":"","stick-header-meta":"","header-above-stick-meta":"","header-main-stick-meta":"","header-below-stick-meta":"","astra-migrate-meta-layouts":"set","ast-page-background-enabled":"default","ast-page-background-meta":{"desktop":{"background-color":"","background-image":"","background-repeat":"repeat","background-position":"center center","background-size":"auto","background-attachment":"scroll","background-type":"","background-media":"","overlay-type":"","overlay-color":"","overlay-opacity":"","overlay-gradient":""},"tablet":{"background-color":"","background-image":"","background-repeat":"repeat","background-position":"center center","background-size":"auto","background-attachment":"scroll","background-type":"","background-media":"","overlay-type":"","overlay-color":"","overlay-opacity":"","overlay-gradient":""},"mobile":{"background-color":"","background-image":"","background-repeat":"repeat","background-position":"center center","background-size":"auto","background-attachment":"scroll","background-type":"","background-media":"","overlay-type":"","overlay-color":"","overlay-opacity":"","overlay-gradient":""}},"ast-content-background-meta":{"desktop":{"background-color":"var(--ast-global-color-5)","background-image":"","background-repeat":"repeat","background-position":"center center","background-size":"auto","background-attachment":"scroll","background-type":"","background-media":"","overlay-type":"","overlay-color":"","overlay-opacity":"","overlay-gradient":""},"tablet":{"background-color":"var(--ast-global-color-5)","background-image":"","background-repeat":"repeat","background-position":"center center","background-size":"auto","background-attachment":"scroll","background-type":"","background-media":"","overlay-type":"","overlay-color":"","overlay-opacity":"","overlay-gradient":""},"mobile":{"background-color":"var(--ast-global-color-5)","background-image":"","background-repeat":"repeat","background-position":"center center","background-size":"auto","background-attachment":"scroll","background-type":"","background-media":"","overlay-type":"","overlay-color":"","overlay-opacity":"","overlay-gradient":""}},"footnotes":""},"class_list":["post-3960","page","type-page","status-publish","has-post-thumbnail","hentry"],"yoast_head":"<!-- This site is optimized with the Yoast SEO plugin v27.4 - https:\/\/yoast.com\/product\/yoast-seo-wordpress\/ -->\n<title>SUPPORT - ACT Grupa<\/title>\n<meta name=\"robots\" content=\"index, follow, max-snippet:-1, max-image-preview:large, max-video-preview:-1\" \/>\n<link rel=\"canonical\" href=\"https:\/\/act-grupa.hr\/en\/projekti\/supported-employment-for-reducing-long-term-unemployment-among-persons-with-disabilities-support\/\" \/>\n<meta property=\"og:locale\" content=\"en_GB\" \/>\n<meta property=\"og:type\" content=\"article\" \/>\n<meta property=\"og:title\" content=\"SUPPORT - ACT Grupa\" \/>\n<meta property=\"og:description\" content=\"Supported Employment for Reducing Long-Term Unemployment among Persons with Disabilities (SUPPORT) Projekt ima za cilj rje\u0161avanje dugotrajnog problema nezaposlenosti osoba s invaliditetom na otvorenom tr\u017ei\u0161tu rada. Projekt \u0107e pro\u0161iriti i prenijeti dru\u0161tveno inovativne prakse podr\u017eanog zapo\u0161ljavanja u razli\u010ditim regijama EU-a, bave\u0107i se zna\u010dajnim preprekama s kojima se osobe s invaliditetom suo\u010davaju pri zapo\u0161ljavanju, kroz neposredno [&hellip;]\" \/>\n<meta property=\"og:url\" content=\"https:\/\/act-grupa.hr\/en\/projekti\/supported-employment-for-reducing-long-term-unemployment-among-persons-with-disabilities-support\/\" \/>\n<meta property=\"og:site_name\" content=\"ACT Grupa\" \/>\n<meta property=\"article:publisher\" content=\"https:\/\/www.facebook.com\/ACTGrupa\" \/>\n<meta property=\"article:modified_time\" content=\"2025-10-24T09:16:57+00:00\" \/>\n<meta property=\"og:image\" content=\"https:\/\/act-grupa.hr\/web\/wp-content\/uploads\/2025\/10\/SUPPORT-logo_transparent-background.png\" \/>\n\t<meta property=\"og:image:width\" content=\"800\" \/>\n\t<meta property=\"og:image:height\" content=\"308\" \/>\n\t<meta property=\"og:image:type\" content=\"image\/png\" \/>\n<meta name=\"twitter:card\" content=\"summary_large_image\" \/>\n<meta name=\"twitter:label1\" content=\"Estimated reading time\" \/>\n\t<meta name=\"twitter:data1\" content=\"1 minute\" \/>\n<script type=\"application\/ld+json\" class=\"yoast-schema-graph\">{\"@context\":\"https:\\\/\\\/schema.org\",\"@graph\":[{\"@type\":\"WebPage\",\"@id\":\"https:\\\/\\\/act-grupa.hr\\\/projekti\\\/supported-employment-for-reducing-long-term-unemployment-among-persons-with-disabilities-support\\\/\",\"url\":\"https:\\\/\\\/act-grupa.hr\\\/projekti\\\/supported-employment-for-reducing-long-term-unemployment-among-persons-with-disabilities-support\\\/\",\"name\":\"SUPPORT - ACT Grupa\",\"isPartOf\":{\"@id\":\"https:\\\/\\\/act-grupa.hr\\\/#website\"},\"primaryImageOfPage\":{\"@id\":\"https:\\\/\\\/act-grupa.hr\\\/projekti\\\/supported-employment-for-reducing-long-term-unemployment-among-persons-with-disabilities-support\\\/#primaryimage\"},\"image\":{\"@id\":\"https:\\\/\\\/act-grupa.hr\\\/projekti\\\/supported-employment-for-reducing-long-term-unemployment-among-persons-with-disabilities-support\\\/#primaryimage\"},\"thumbnailUrl\":\"https:\\\/\\\/act-grupa.hr\\\/web\\\/wp-content\\\/uploads\\\/2025\\\/10\\\/SUPPORT-logo_transparent-background.png\",\"datePublished\":\"2025-10-24T08:43:18+00:00\",\"dateModified\":\"2025-10-24T09:16:57+00:00\",\"breadcrumb\":{\"@id\":\"https:\\\/\\\/act-grupa.hr\\\/projekti\\\/supported-employment-for-reducing-long-term-unemployment-among-persons-with-disabilities-support\\\/#breadcrumb\"},\"inLanguage\":\"en-GB\",\"potentialAction\":[{\"@type\":\"ReadAction\",\"target\":[\"https:\\\/\\\/act-grupa.hr\\\/projekti\\\/supported-employment-for-reducing-long-term-unemployment-among-persons-with-disabilities-support\\\/\"]}]},{\"@type\":\"ImageObject\",\"inLanguage\":\"en-GB\",\"@id\":\"https:\\\/\\\/act-grupa.hr\\\/projekti\\\/supported-employment-for-reducing-long-term-unemployment-among-persons-with-disabilities-support\\\/#primaryimage\",\"url\":\"https:\\\/\\\/act-grupa.hr\\\/web\\\/wp-content\\\/uploads\\\/2025\\\/10\\\/SUPPORT-logo_transparent-background.png\",\"contentUrl\":\"https:\\\/\\\/act-grupa.hr\\\/web\\\/wp-content\\\/uploads\\\/2025\\\/10\\\/SUPPORT-logo_transparent-background.png\",\"width\":800,\"height\":308,\"caption\":\"Supported Employment for Reducing Long-Term Unemployment among Persons with Disabilities (SUPPORT)\"},{\"@type\":\"BreadcrumbList\",\"@id\":\"https:\\\/\\\/act-grupa.hr\\\/projekti\\\/supported-employment-for-reducing-long-term-unemployment-among-persons-with-disabilities-support\\\/#breadcrumb\",\"itemListElement\":[{\"@type\":\"ListItem\",\"position\":1,\"name\":\"Home\",\"item\":\"https:\\\/\\\/act-grupa.hr\\\/\"},{\"@type\":\"ListItem\",\"position\":2,\"name\":\"Projekti\",\"item\":\"https:\\\/\\\/act-grupa.hr\\\/en\\\/projekti\\\/\"},{\"@type\":\"ListItem\",\"position\":3,\"name\":\"SUPPORT\"}]},{\"@type\":\"WebSite\",\"@id\":\"https:\\\/\\\/act-grupa.hr\\\/#website\",\"url\":\"https:\\\/\\\/act-grupa.hr\\\/\",\"name\":\"ACT Grupa\",\"description\":\"Dobri za posao. Dobri za dru\u0161tvo.\",\"publisher\":{\"@id\":\"https:\\\/\\\/act-grupa.hr\\\/#organization\"},\"potentialAction\":[{\"@type\":\"SearchAction\",\"target\":{\"@type\":\"EntryPoint\",\"urlTemplate\":\"https:\\\/\\\/act-grupa.hr\\\/?s={search_term_string}\"},\"query-input\":{\"@type\":\"PropertyValueSpecification\",\"valueRequired\":true,\"valueName\":\"search_term_string\"}}],\"inLanguage\":\"en-GB\"},{\"@type\":\"Organization\",\"@id\":\"https:\\\/\\\/act-grupa.hr\\\/#organization\",\"name\":\"ACT Grupa\",\"url\":\"https:\\\/\\\/act-grupa.hr\\\/\",\"logo\":{\"@type\":\"ImageObject\",\"inLanguage\":\"en-GB\",\"@id\":\"https:\\\/\\\/act-grupa.hr\\\/#\\\/schema\\\/logo\\\/image\\\/\",\"url\":\"https:\\\/\\\/act-grupa.hr\\\/web\\\/wp-content\\\/uploads\\\/2026\\\/01\\\/AG_logo_transparent-scaled.png\",\"contentUrl\":\"https:\\\/\\\/act-grupa.hr\\\/web\\\/wp-content\\\/uploads\\\/2026\\\/01\\\/AG_logo_transparent-scaled.png\",\"width\":2560,\"height\":834,\"caption\":\"ACT Grupa\"},\"image\":{\"@id\":\"https:\\\/\\\/act-grupa.hr\\\/#\\\/schema\\\/logo\\\/image\\\/\"},\"sameAs\":[\"https:\\\/\\\/www.facebook.com\\\/ACTGrupa\",\"https:\\\/\\\/www.instagram.com\\\/actgrupa\\\/\",\"https:\\\/\\\/www.youtube.com\\\/@actgrupa\",\"https:\\\/\\\/www.linkedin.com\\\/company\\\/act-grupa\"]}]}<\/script>\n<!-- \/ Yoast SEO plugin. -->","yoast_head_json":{"title":"SUPPORT - ACT Grupa","robots":{"index":"index","follow":"follow","max-snippet":"max-snippet:-1","max-image-preview":"max-image-preview:large","max-video-preview":"max-video-preview:-1"},"canonical":"https:\/\/act-grupa.hr\/en\/projekti\/supported-employment-for-reducing-long-term-unemployment-among-persons-with-disabilities-support\/","og_locale":"en_GB","og_type":"article","og_title":"SUPPORT - ACT Grupa","og_description":"Supported Employment for Reducing Long-Term Unemployment among Persons with Disabilities (SUPPORT) Projekt ima za cilj rje\u0161avanje dugotrajnog problema nezaposlenosti osoba s invaliditetom na otvorenom tr\u017ei\u0161tu rada. Projekt \u0107e pro\u0161iriti i prenijeti dru\u0161tveno inovativne prakse podr\u017eanog zapo\u0161ljavanja u razli\u010ditim regijama EU-a, bave\u0107i se zna\u010dajnim preprekama s kojima se osobe s invaliditetom suo\u010davaju pri zapo\u0161ljavanju, kroz neposredno [&hellip;]","og_url":"https:\/\/act-grupa.hr\/en\/projekti\/supported-employment-for-reducing-long-term-unemployment-among-persons-with-disabilities-support\/","og_site_name":"ACT Grupa","article_publisher":"https:\/\/www.facebook.com\/ACTGrupa","article_modified_time":"2025-10-24T09:16:57+00:00","og_image":[{"width":800,"height":308,"url":"https:\/\/act-grupa.hr\/web\/wp-content\/uploads\/2025\/10\/SUPPORT-logo_transparent-background.png","type":"image\/png"}],"twitter_card":"summary_large_image","twitter_misc":{"Estimated reading time":"1 minute"},"schema":{"@context":"https:\/\/schema.org","@graph":[{"@type":"WebPage","@id":"https:\/\/act-grupa.hr\/projekti\/supported-employment-for-reducing-long-term-unemployment-among-persons-with-disabilities-support\/","url":"https:\/\/act-grupa.hr\/projekti\/supported-employment-for-reducing-long-term-unemployment-among-persons-with-disabilities-support\/","name":"SUPPORT - ACT Grupa","isPartOf":{"@id":"https:\/\/act-grupa.hr\/#website"},"primaryImageOfPage":{"@id":"https:\/\/act-grupa.hr\/projekti\/supported-employment-for-reducing-long-term-unemployment-among-persons-with-disabilities-support\/#primaryimage"},"image":{"@id":"https:\/\/act-grupa.hr\/projekti\/supported-employment-for-reducing-long-term-unemployment-among-persons-with-disabilities-support\/#primaryimage"},"thumbnailUrl":"https:\/\/act-grupa.hr\/web\/wp-content\/uploads\/2025\/10\/SUPPORT-logo_transparent-background.png","datePublished":"2025-10-24T08:43:18+00:00","dateModified":"2025-10-24T09:16:57+00:00","breadcrumb":{"@id":"https:\/\/act-grupa.hr\/projekti\/supported-employment-for-reducing-long-term-unemployment-among-persons-with-disabilities-support\/#breadcrumb"},"inLanguage":"en-GB","potentialAction":[{"@type":"ReadAction","target":["https:\/\/act-grupa.hr\/projekti\/supported-employment-for-reducing-long-term-unemployment-among-persons-with-disabilities-support\/"]}]},{"@type":"ImageObject","inLanguage":"en-GB","@id":"https:\/\/act-grupa.hr\/projekti\/supported-employment-for-reducing-long-term-unemployment-among-persons-with-disabilities-support\/#primaryimage","url":"https:\/\/act-grupa.hr\/web\/wp-content\/uploads\/2025\/10\/SUPPORT-logo_transparent-background.png","contentUrl":"https:\/\/act-grupa.hr\/web\/wp-content\/uploads\/2025\/10\/SUPPORT-logo_transparent-background.png","width":800,"height":308,"caption":"Supported Employment for Reducing Long-Term Unemployment among Persons with Disabilities (SUPPORT)"},{"@type":"BreadcrumbList","@id":"https:\/\/act-grupa.hr\/projekti\/supported-employment-for-reducing-long-term-unemployment-among-persons-with-disabilities-support\/#breadcrumb","itemListElement":[{"@type":"ListItem","position":1,"name":"Home","item":"https:\/\/act-grupa.hr\/"},{"@type":"ListItem","position":2,"name":"Projekti","item":"https:\/\/act-grupa.hr\/en\/projekti\/"},{"@type":"ListItem","position":3,"name":"SUPPORT"}]},{"@type":"WebSite","@id":"https:\/\/act-grupa.hr\/#website","url":"https:\/\/act-grupa.hr\/","name":"ACT Grupa","description":"Dobri za posao. Dobri za dru\u0161tvo.","publisher":{"@id":"https:\/\/act-grupa.hr\/#organization"},"potentialAction":[{"@type":"SearchAction","target":{"@type":"EntryPoint","urlTemplate":"https:\/\/act-grupa.hr\/?s={search_term_string}"},"query-input":{"@type":"PropertyValueSpecification","valueRequired":true,"valueName":"search_term_string"}}],"inLanguage":"en-GB"},{"@type":"Organization","@id":"https:\/\/act-grupa.hr\/#organization","name":"ACT Grupa","url":"https:\/\/act-grupa.hr\/","logo":{"@type":"ImageObject","inLanguage":"en-GB","@id":"https:\/\/act-grupa.hr\/#\/schema\/logo\/image\/","url":"https:\/\/act-grupa.hr\/web\/wp-content\/uploads\/2026\/01\/AG_logo_transparent-scaled.png","contentUrl":"https:\/\/act-grupa.hr\/web\/wp-content\/uploads\/2026\/01\/AG_logo_transparent-scaled.png","width":2560,"height":834,"caption":"ACT Grupa"},"image":{"@id":"https:\/\/act-grupa.hr\/#\/schema\/logo\/image\/"},"sameAs":["https:\/\/www.facebook.com\/ACTGrupa","https:\/\/www.instagram.com\/actgrupa\/","https:\/\/www.youtube.com\/@actgrupa","https:\/\/www.linkedin.com\/company\/act-grupa"]}]}},"_links":{"self":[{"href":"https:\/\/act-grupa.hr\/en\/wp-json\/wp\/v2\/pages\/3960","targetHints":{"allow":["GET"]}}],"collection":[{"href":"https:\/\/act-grupa.hr\/en\/wp-json\/wp\/v2\/pages"}],"about":[{"href":"https:\/\/act-grupa.hr\/en\/wp-json\/wp\/v2\/types\/page"}],"author":[{"embeddable":true,"href":"https:\/\/act-grupa.hr\/en\/wp-json\/wp\/v2\/users\/1"}],"replies":[{"embeddable":true,"href":"https:\/\/act-grupa.hr\/en\/wp-json\/wp\/v2\/comments?post=3960"}],"version-history":[{"count":9,"href":"https:\/\/act-grupa.hr\/en\/wp-json\/wp\/v2\/pages\/3960\/revisions"}],"predecessor-version":[{"id":3972,"href":"https:\/\/act-grupa.hr\/en\/wp-json\/wp\/v2\/pages\/3960\/revisions\/3972"}],"up":[{"embeddable":true,"href":"https:\/\/act-grupa.hr\/en\/wp-json\/wp\/v2\/pages\/157"}],"wp:featuredmedia":[{"embeddable":true,"href":"https:\/\/act-grupa.hr\/en\/wp-json\/wp\/v2\/media\/3962"}],"wp:attachment":[{"href":"https:\/\/act-grupa.hr\/en\/wp-json\/wp\/v2\/media?parent=3960"}],"curies":[{"name":"wp","href":"https:\/\/api.w.org\/{rel}","templated":true}]}}